{"id":10489,"date":"2023-02-10T13:21:12","date_gmt":"2023-02-10T12:21:12","guid":{"rendered":"https:\/\/rossitzahantelmann.com\/magazin\/10-jaehriges-jubilaeum-castell-son-claret\/"},"modified":"2026-02-11T14:21:06","modified_gmt":"2026-02-11T13:21:06","slug":"10th-anniversary-castell-son-claret","status":"publish","type":"magazin","link":"https:\/\/rossitzahantelmann.com\/en\/magazin\/10-jaehriges-jubilaeum-castell-son-claret\/","title":{"rendered":"10th Anniversary Castell Son Claret"},"content":{"rendered":"<p><img loading=\"lazy\" decoding=\"async\" class=\"alignnone wp-image-5853 size-full\" src=\"https:\/\/rossitzahantelmann.com\/wp-content\/uploads\/Castell-Son-Claret-Mallorca-Anwesen-scaled-1.jpg\" alt=\"Castell Son Claret Majorca Estate\" width=\"2300\" height=\"1725\" \/><\/p>\n<h2>Castell Son Claret<\/h2>\n<p>This March, the unique Castell Son Claret will open its doors for the 10th time. The country estate, nestled amidst a dreamlike natural backdrop and a paradisiacal garden, offers a tranquil oasis for sophisticated guests. Castell Son Claret, a member of the Leading Hotels of the World, is located at the foot of the Tramuntana mountains in Calvi\u00e0, and with its 41 lovingly and authentically restored rooms and suites in the historic castle, it is truly one of a kind. The owners, Christine and Klaus-Michael K\u00fchne, have placed great importance not only on respectfully redesigning the rooms and the castle, but also on preserving the extensive gardens as much as possible. Culinary delights are provided by head chef Jos\u00e9 Forteza in the restaurant Olivera.<\/p>\n<p><img loading=\"lazy\" decoding=\"async\" class=\"alignnone wp-image-5847 size-full\" src=\"https:\/\/rossitzahantelmann.com\/wp-content\/uploads\/Castell-Son-Claret-Mallorca-Einfahrt-scaled-1.jpg\" alt=\"Castell Son Claret Mallorca Driveway\" width=\"2300\" height=\"1725\" \/><\/p>\n<h2>Special Events at Castell Son Claret<\/h2>\n<p>On the occasion of this anniversary, several special events are planned throughout the year.<\/p>\n<p>An artist workshop for art enthusiasts with the painter Carolina Amigo offers a behind-the-scenes glimpse into the artworks of Son Claret.<\/p>\n<p>Music lovers will also get their money's worth, spending an afternoon learning from the chief conductor of the Orquestra Simf\u00f2nica de les Illes Baleares (OSIB), Pablo Mielgo, about his SaludArte Foundation and the artistic and social commitment it strives for through music.<\/p>\n<p>This year too, the summer concerts are a very special highlight <a href=\"https:\/\/castellsonclaret.com\/castell-classics-opera\/\">Castell Classics 2023<\/a> with an outstanding cast. Over just three evenings in June, July and August, the 5-star luxury hotel hosts its Castell Classics with performances from some of Europe's most prestigious opera houses, the Salzburg Opera Festival, the Leipzig Opera House and the Teatro de Maggio Fiorentino. The Classic Event kicks off on 15 June with the Young Singer Project of the Salzburg Festival. On 27 July, international stars Olena Tokar and Dmytro Choni will be guests, and on 10 August, singers from the Academy of the Teatro del Maggio Musicale Fiorentino will offer an evening full of Italian arias.<\/p>\n<p>Read more our <a href=\"https:\/\/rossitzahantelmann.com\/en\/news\/\">News<\/a><\/p>\n<p>Our latest video <a href=\"http:\/\/youtube.com\/@mallorcadiamond\">YouTube<\/a><\/p>\n<p><img loading=\"lazy\" decoding=\"async\" class=\"alignnone wp-image-5850 size-full\" src=\"https:\/\/rossitzahantelmann.com\/wp-content\/uploads\/Castell-Son-Claret-Mallorca-Garten-scaled-1.jpg\" alt=\"Castell Son Claret Mallorca Garden\" width=\"2300\" height=\"1725\" \/><\/p>","protected":false},"featured_media":10493,"template":"","meta":{"_acf_changed":false},"categories":[214,213],"class_list":["post-10489","magazin","type-magazin","status-publish","has-post-thumbnail","hentry","category-jubilaeen-meilensteine-auszeichnungen","category-vip-mallorca-news"],"acf":[],"yoast_head":"<!-- This site is optimized with the Yoast SEO plugin v27.5 - https:\/\/yoast.com\/product\/yoast-seo-wordpress\/ -->\n<title>10 j\u00e4hriges Jubil\u00e4um Castell Son Claret - Rossitza Hantelmann<\/title>\n<meta name=\"description\" content=\"10 j\u00e4hriges Jubil\u00e4um vom Luxus - Anwesen Castell Son Claret. Schon zum 10. Mal er\u00f6ffnet im M\u00e4rz dieses Jahres das einzigartige Castell Son\" \/>\n<meta name=\"robots\" content=\"index, follow, max-snippet:-1, max-image-preview:large, max-video-preview:-1\" \/>\n<link rel=\"canonical\" href=\"https:\/\/rossitzahantelmann.com\/en\/magazine\/10th-anniversary-castell-son-claret\/\" \/>\n<meta property=\"og:locale\" content=\"en_GB\" \/>\n<meta property=\"og:type\" content=\"article\" \/>\n<meta property=\"og:title\" content=\"10 j\u00e4hriges Jubil\u00e4um Castell Son Claret - Rossitza Hantelmann\" \/>\n<meta property=\"og:description\" content=\"10 j\u00e4hriges Jubil\u00e4um vom Luxus - Anwesen Castell Son Claret. Schon zum 10. Mal er\u00f6ffnet im M\u00e4rz dieses Jahres das einzigartige Castell Son\" \/>\n<meta property=\"og:url\" content=\"https:\/\/rossitzahantelmann.com\/en\/magazine\/10th-anniversary-castell-son-claret\/\" \/>\n<meta property=\"og:site_name\" content=\"Rossitza Hantelmann\" \/>\n<meta property=\"article:modified_time\" content=\"2026-02-11T13:21:06+00:00\" \/>\n<meta name=\"twitter:card\" content=\"summary_large_image\" \/>\n<meta name=\"twitter:label1\" content=\"Estimated reading time\" \/>\n\t<meta name=\"twitter:data1\" content=\"3 minutes\" \/>\n<script type=\"application\/ld+json\" class=\"yoast-schema-graph\">{\"@context\":\"https:\\\/\\\/schema.org\",\"@graph\":[{\"@type\":\"WebPage\",\"@id\":\"https:\\\/\\\/rossitzahantelmann.com\\\/magazin\\\/10-jaehriges-jubilaeum-castell-son-claret\\\/\",\"url\":\"https:\\\/\\\/rossitzahantelmann.com\\\/magazin\\\/10-jaehriges-jubilaeum-castell-son-claret\\\/\",\"name\":\"10 j\u00e4hriges Jubil\u00e4um Castell Son Claret - Rossitza Hantelmann\",\"isPartOf\":{\"@id\":\"https:\\\/\\\/rossitzahantelmann.com\\\/#website\"},\"primaryImageOfPage\":{\"@id\":\"https:\\\/\\\/rossitzahantelmann.com\\\/magazin\\\/10-jaehriges-jubilaeum-castell-son-claret\\\/#primaryimage\"},\"image\":{\"@id\":\"https:\\\/\\\/rossitzahantelmann.com\\\/magazin\\\/10-jaehriges-jubilaeum-castell-son-claret\\\/#primaryimage\"},\"thumbnailUrl\":\"https:\\\/\\\/rossitzahantelmann.com\\\/wp-content\\\/uploads\\\/Screenshot-2023-02-14-at-19.58.52.avif\",\"datePublished\":\"2023-02-10T12:21:12+00:00\",\"dateModified\":\"2026-02-11T13:21:06+00:00\",\"description\":\"10 j\u00e4hriges Jubil\u00e4um vom Luxus - Anwesen Castell Son Claret. Schon zum 10. Mal er\u00f6ffnet im M\u00e4rz dieses Jahres das einzigartige Castell Son\",\"breadcrumb\":{\"@id\":\"https:\\\/\\\/rossitzahantelmann.com\\\/magazin\\\/10-jaehriges-jubilaeum-castell-son-claret\\\/#breadcrumb\"},\"inLanguage\":\"en-GB\",\"potentialAction\":[{\"@type\":\"ReadAction\",\"target\":[\"https:\\\/\\\/rossitzahantelmann.com\\\/magazin\\\/10-jaehriges-jubilaeum-castell-son-claret\\\/\"]}]},{\"@type\":\"ImageObject\",\"inLanguage\":\"en-GB\",\"@id\":\"https:\\\/\\\/rossitzahantelmann.com\\\/magazin\\\/10-jaehriges-jubilaeum-castell-son-claret\\\/#primaryimage\",\"url\":\"https:\\\/\\\/rossitzahantelmann.com\\\/wp-content\\\/uploads\\\/Screenshot-2023-02-14-at-19.58.52.avif\",\"contentUrl\":\"https:\\\/\\\/rossitzahantelmann.com\\\/wp-content\\\/uploads\\\/Screenshot-2023-02-14-at-19.58.52.avif\",\"width\":903,\"height\":473,\"caption\":\"10 j\u00e4hriges Jubil\u00e4um von Luxus-Anwesen Castell Son Claret\"},{\"@type\":\"BreadcrumbList\",\"@id\":\"https:\\\/\\\/rossitzahantelmann.com\\\/magazin\\\/10-jaehriges-jubilaeum-castell-son-claret\\\/#breadcrumb\",\"itemListElement\":[{\"@type\":\"ListItem\",\"position\":1,\"name\":\"START\",\"item\":\"https:\\\/\\\/rossitzahantelmann.com\\\/\"},{\"@type\":\"ListItem\",\"position\":2,\"name\":\"VIP &amp; Mallorca News\",\"item\":\"https:\\\/\\\/rossitzahantelmann.com\\\/category\\\/vip-mallorca-news\\\/\"},{\"@type\":\"ListItem\",\"position\":3,\"name\":\"Jubil\u00e4en, Meilensteine &amp; Auszeichnungen\",\"item\":\"https:\\\/\\\/rossitzahantelmann.com\\\/category\\\/vip-mallorca-news\\\/jubilaeen-meilensteine-auszeichnungen\\\/\"},{\"@type\":\"ListItem\",\"position\":4,\"name\":\"10 j\u00e4hriges Jubil\u00e4um Castell Son Claret\"}]},{\"@type\":\"WebSite\",\"@id\":\"https:\\\/\\\/rossitzahantelmann.com\\\/#website\",\"url\":\"https:\\\/\\\/rossitzahantelmann.com\\\/\",\"name\":\"Rossitza Hantelmann\",\"description\":\"Real Estate\",\"publisher\":{\"@id\":\"https:\\\/\\\/rossitzahantelmann.com\\\/#organization\"},\"potentialAction\":[{\"@type\":\"SearchAction\",\"target\":{\"@type\":\"EntryPoint\",\"urlTemplate\":\"https:\\\/\\\/rossitzahantelmann.com\\\/?s={search_term_string}\"},\"query-input\":{\"@type\":\"PropertyValueSpecification\",\"valueRequired\":true,\"valueName\":\"search_term_string\"}}],\"inLanguage\":\"en-GB\"},{\"@type\":\"Organization\",\"@id\":\"https:\\\/\\\/rossitzahantelmann.com\\\/#organization\",\"name\":\"Rossitza Hantelmann\",\"url\":\"https:\\\/\\\/rossitzahantelmann.com\\\/\",\"logo\":{\"@type\":\"ImageObject\",\"inLanguage\":\"en-GB\",\"@id\":\"https:\\\/\\\/rossitzahantelmann.com\\\/#\\\/schema\\\/logo\\\/image\\\/\",\"url\":\"\",\"contentUrl\":\"\",\"caption\":\"Rossitza Hantelmann\"},\"image\":{\"@id\":\"https:\\\/\\\/rossitzahantelmann.com\\\/#\\\/schema\\\/logo\\\/image\\\/\"}}]}<\/script>\n<!-- \/ Yoast SEO plugin. -->","yoast_head_json":{"title":"10th Anniversary Castell Son Claret - Rossitza Hantelmann","description":"10th anniversary of the luxury estate Castell Son Claret. For the 10th time, the unique Castell Son has opened this March.","robots":{"index":"index","follow":"follow","max-snippet":"max-snippet:-1","max-image-preview":"max-image-preview:large","max-video-preview":"max-video-preview:-1"},"canonical":"https:\/\/rossitzahantelmann.com\/en\/magazine\/10th-anniversary-castell-son-claret\/","og_locale":"en_GB","og_type":"article","og_title":"10 j\u00e4hriges Jubil\u00e4um Castell Son Claret - Rossitza Hantelmann","og_description":"10 j\u00e4hriges Jubil\u00e4um vom Luxus - Anwesen Castell Son Claret. Schon zum 10. Mal er\u00f6ffnet im M\u00e4rz dieses Jahres das einzigartige Castell Son","og_url":"https:\/\/rossitzahantelmann.com\/en\/magazine\/10th-anniversary-castell-son-claret\/","og_site_name":"Rossitza Hantelmann","article_modified_time":"2026-02-11T13:21:06+00:00","twitter_card":"summary_large_image","twitter_misc":{"Estimated reading time":"3 minutes"},"schema":{"@context":"https:\/\/schema.org","@graph":[{"@type":"WebPage","@id":"https:\/\/rossitzahantelmann.com\/magazin\/10-jaehriges-jubilaeum-castell-son-claret\/","url":"https:\/\/rossitzahantelmann.com\/magazin\/10-jaehriges-jubilaeum-castell-son-claret\/","name":"10th Anniversary Castell Son Claret - Rossitza Hantelmann","isPartOf":{"@id":"https:\/\/rossitzahantelmann.com\/#website"},"primaryImageOfPage":{"@id":"https:\/\/rossitzahantelmann.com\/magazin\/10-jaehriges-jubilaeum-castell-son-claret\/#primaryimage"},"image":{"@id":"https:\/\/rossitzahantelmann.com\/magazin\/10-jaehriges-jubilaeum-castell-son-claret\/#primaryimage"},"thumbnailUrl":"https:\/\/rossitzahantelmann.com\/wp-content\/uploads\/Screenshot-2023-02-14-at-19.58.52.avif","datePublished":"2023-02-10T12:21:12+00:00","dateModified":"2026-02-11T13:21:06+00:00","description":"10th anniversary of the luxury estate Castell Son Claret. For the 10th time, the unique Castell Son has opened this March.","breadcrumb":{"@id":"https:\/\/rossitzahantelmann.com\/magazin\/10-jaehriges-jubilaeum-castell-son-claret\/#breadcrumb"},"inLanguage":"en-GB","potentialAction":[{"@type":"ReadAction","target":["https:\/\/rossitzahantelmann.com\/magazin\/10-jaehriges-jubilaeum-castell-son-claret\/"]}]},{"@type":"ImageObject","inLanguage":"en-GB","@id":"https:\/\/rossitzahantelmann.com\/magazin\/10-jaehriges-jubilaeum-castell-son-claret\/#primaryimage","url":"https:\/\/rossitzahantelmann.com\/wp-content\/uploads\/Screenshot-2023-02-14-at-19.58.52.avif","contentUrl":"https:\/\/rossitzahantelmann.com\/wp-content\/uploads\/Screenshot-2023-02-14-at-19.58.52.avif","width":903,"height":473,"caption":"10 j\u00e4hriges Jubil\u00e4um von Luxus-Anwesen Castell Son Claret"},{"@type":"BreadcrumbList","@id":"https:\/\/rossitzahantelmann.com\/magazin\/10-jaehriges-jubilaeum-castell-son-claret\/#breadcrumb","itemListElement":[{"@type":"ListItem","position":1,"name":"START","item":"https:\/\/rossitzahantelmann.com\/"},{"@type":"ListItem","position":2,"name":"VIP &amp; Mallorca News","item":"https:\/\/rossitzahantelmann.com\/category\/vip-mallorca-news\/"},{"@type":"ListItem","position":3,"name":"Jubil\u00e4en, Meilensteine &amp; Auszeichnungen","item":"https:\/\/rossitzahantelmann.com\/category\/vip-mallorca-news\/jubilaeen-meilensteine-auszeichnungen\/"},{"@type":"ListItem","position":4,"name":"10 j\u00e4hriges Jubil\u00e4um Castell Son Claret"}]},{"@type":"WebSite","@id":"https:\/\/rossitzahantelmann.com\/#website","url":"https:\/\/rossitzahantelmann.com\/","name":"Rossitza Hantelmann","description":"Estate Agency","publisher":{"@id":"https:\/\/rossitzahantelmann.com\/#organization"},"potentialAction":[{"@type":"SearchAction","target":{"@type":"EntryPoint","urlTemplate":"https:\/\/rossitzahantelmann.com\/?s={search_term_string}"},"query-input":{"@type":"PropertyValueSpecification","valueRequired":true,"valueName":"search_term_string"}}],"inLanguage":"en-GB"},{"@type":"Organization","@id":"https:\/\/rossitzahantelmann.com\/#organization","name":"Rossitza Hantelmann","url":"https:\/\/rossitzahantelmann.com\/","logo":{"@type":"ImageObject","inLanguage":"en-GB","@id":"https:\/\/rossitzahantelmann.com\/#\/schema\/logo\/image\/","url":"","contentUrl":"","caption":"Rossitza Hantelmann"},"image":{"@id":"https:\/\/rossitzahantelmann.com\/#\/schema\/logo\/image\/"}}]}},"_links":{"self":[{"href":"https:\/\/rossitzahantelmann.com\/en\/wp-json\/wp\/v2\/magazinartikel\/10489","targetHints":{"allow":["GET"]}}],"collection":[{"href":"https:\/\/rossitzahantelmann.com\/en\/wp-json\/wp\/v2\/magazinartikel"}],"about":[{"href":"https:\/\/rossitzahantelmann.com\/en\/wp-json\/wp\/v2\/types\/magazin"}],"wp:featuredmedia":[{"embeddable":true,"href":"https:\/\/rossitzahantelmann.com\/en\/wp-json\/wp\/v2\/media\/10493"}],"wp:attachment":[{"href":"https:\/\/rossitzahantelmann.com\/en\/wp-json\/wp\/v2\/media?parent=10489"}],"wp:term":[{"taxonomy":"category","embeddable":true,"href":"https:\/\/rossitzahantelmann.com\/en\/wp-json\/wp\/v2\/categories?post=10489"}],"curies":[{"name":"wp","href":"https:\/\/api.w.org\/{rel}","templated":true}]}}