{"id":10577,"date":"2025-04-02T04:19:06","date_gmt":"2025-04-02T02:19:06","guid":{"rendered":"https:\/\/rossitzahantelmann.com\/magazin\/fruehling-auf-mallorca\/"},"modified":"2026-02-11T14:11:12","modified_gmt":"2026-02-11T13:11:12","slug":"mallorca-en-primavera","status":"publish","type":"magazin","link":"https:\/\/rossitzahantelmann.com\/es\/magazin\/fruehling-mallorca\/","title":{"rendered":"Primavera en Mallorca"},"content":{"rendered":"<p><span style=\"font-weight: 400;\">Mallorca, la perla del Mediterr\u00e1neo, cobra vida en primavera y muestra una faceta diferente y m\u00e1gica en esta \u00e9poca del a\u00f1o. El invierno se despide lentamente y la naturaleza comienza a desplegarse en todo su esplendor.<\/span><\/p>\n<p>&nbsp;<\/p>\n<h2><span style=\"font-weight: 400;\">Temperaturas en primavera<\/span><\/h2>\n<p><img loading=\"lazy\" decoding=\"async\" class=\"alignnone wp-image-7618 size-full\" src=\"https:\/\/rossitzahantelmann.com\/wp-content\/uploads\/Fruehling-mallorca-Bild-Vogel-auf-einem-Zweig-scaled-1.jpg\" alt=\"Primavera Mallorca Imagen P\u00e1jaro en una rama\" width=\"2300\" height=\"1534\" \/><\/p>\n<p>&nbsp;<\/p>\n<p><span style=\"font-weight: 400;\">En primavera, Mallorca se presenta en su lado suave y agradable, lo que la convierte en un destino muy deseado en esta \u00e9poca del a\u00f1o. Las temperaturas aumentan continuamente mientras el invierno se retira, dando paso a d\u00edas m\u00e1s c\u00e1lidos.\u00a0<\/span><\/p>\n<p>&nbsp;<\/p>\n<p><span style=\"font-weight: 400;\">En marzo, el comienzo de la primavera, las temperaturas medias durante el d\u00eda suelen oscilar entre los 15 y los 20 grados cent\u00edgrados. Las noches a\u00fan pueden ser un poco m\u00e1s frescas, pero en general ya es mucho m\u00e1s suave que en los meses de invierno. Es una buena \u00e9poca para los visitantes que quieran experimentar el florecimiento de los almendros, pues el paisaje ya est\u00e1 en plena floraci\u00f3n. A medida que avanza la primavera, las temperaturas siguen subiendo. En abril, los d\u00edas ya pueden alcanzar entre 20 y 25 grados cent\u00edgrados, y las noches se vuelven m\u00e1s suaves. Es una \u00e9poca ideal para realizar actividades al aire libre como senderismo, ciclismo y exploraci\u00f3n, ya que el clima a\u00fan no es demasiado caluroso. En mayo, las temperaturas en Mallorca suelen alcanzar m\u00e1ximas de entre 25 y 30 grados cent\u00edgrados. El sol es generoso y la isla se calienta poco a poco. Las playas se vuelven m\u00e1s atractivas y cada vez resulta m\u00e1s agradable refrescarse en el Mediterr\u00e1neo. La naturaleza florece y los verdes paisajes ofrecen un pintoresco tel\u00f3n de fondo.<\/span><\/p>\n<p>&nbsp;<\/p>\n<p><span style=\"font-weight: 400;\">Es importante tener en cuenta que las temperaturas en primavera en Mallorca pueden variar seg\u00fan la regi\u00f3n. Las zonas costeras tienden a ser m\u00e1s suaves que el interior, y la Sierra de Tramuntana en el noroeste de la isla puede ser un poco m\u00e1s fresca. Por lo tanto, es aconsejable considerar las condiciones meteorol\u00f3gicas espec\u00edficas de la regi\u00f3n que planea visitar.<\/span><\/p>\n<p>&nbsp;<\/p>\n<h2><span style=\"font-weight: 400;\">El encanto de la flor de almendro<\/span><\/h2>\n<h2><span style=\"font-weight: 400;\"><img loading=\"lazy\" decoding=\"async\" class=\"alignnone wp-image-7621 size-full\" src=\"https:\/\/rossitzahantelmann.com\/wp-content\/uploads\/Mandelbluete-Fruehling-Mallorca-Panorama-1.jpg\" alt=\"Floraci\u00f3n de almendros Primavera Mallorca Panorama (1)\" width=\"1319\" height=\"880\" \/><\/span><\/h2>\n<p>&nbsp;<\/p>\n<p><span style=\"font-weight: 400;\">La floraci\u00f3n del almendro en Mallorca es, sin duda, uno de los espect\u00e1culos naturales m\u00e1s encantadores que la isla tiene para ofrecer. Normalmente, este fascinante espect\u00e1culo comienza en febrero y alcanza su punto culminante en marzo. El paisaje se cubre entonces de un delicado esplendor de flores rosadas que contrasta con el verde intenso de los almendros. Es como si la isla despertara de su letargo invernal y se transformara en un pa\u00eds de cuento de hadas. Los almendros, que bordean las colinas de Mallorca, est\u00e1n en plena floraci\u00f3n, creando una atm\u00f3sfera rom\u00e1ntica y po\u00e9tica. Las flores blanco-rosadas brillan a la luz del sol, creando un impresionante juego de colores.<\/span><\/p>\n<p>&nbsp;<\/p>\n<p><span style=\"font-weight: 400;\">La floraci\u00f3n del almendro no es solo un placer visual, sino tambi\u00e9n una fiesta para los sentidos. El dulce aroma de las flores de almendro llena el aire, d\u00e1ndole un toque hechizante al entorno. No es de extra\u00f1ar que tanto los lugare\u00f1os como los visitantes queden cautivados por este espect\u00e1culo natural. Los almendros no solo son est\u00e9ticamente agradables, sino que tambi\u00e9n desempe\u00f1an un papel importante en la historia y la cultura de Mallorca. La producci\u00f3n de almendras en la isla tiene una larga tradici\u00f3n, y la cosecha de almendras es un momento agr\u00edcola importante. Por lo tanto, la floraci\u00f3n del almendro simboliza no solo el comienzo de la primavera, sino tambi\u00e9n un nuevo comienzo y la esperanza de una cosecha abundante.<\/span><\/p>\n<p>&nbsp;<\/p>\n<p><span style=\"font-weight: 400;\">Durante la floraci\u00f3n de los almendros, muchos lugares de Mallorca organizan eventos especiales para celebrar este espect\u00e1culo natural. Hay festivales de flor de almendro con m\u00fasica, baile, delicias culinarias y mercados de artesan\u00eda local. Estos festivales ofrecen a los visitantes la oportunidad de experimentar no solo la impresionante naturaleza, sino tambi\u00e9n la vibrante cultura de la isla.<\/span><\/p>\n<p>&nbsp;<\/p>\n<h2><span style=\"font-weight: 400;\">Actividades de ocio en primavera<\/span><\/h2>\n<p><img loading=\"lazy\" decoding=\"async\" class=\"alignnone wp-image-7624 size-full\" src=\"https:\/\/rossitzahantelmann.com\/wp-content\/uploads\/Fruehlingsaktivitaeten-auf-Mallorca-mit-der-Familie.jpg\" alt=\"Actividades de primavera en Mallorca con la familia\" width=\"1404\" height=\"936\" \/><\/p>\n<p><span style=\"font-weight: 400;\">En primavera, Mallorca ofrece una gran variedad de actividades de ocio que permiten disfrutar al m\u00e1ximo de la diversidad y la belleza de la isla. Los paseos o las excursiones en bicicleta por zonas como Valldemossa y Bunyola ofrecen la oportunidad de admirar la impresionante floraci\u00f3n de los almendros, con la Sierra de Tramuntana, en el noroeste de la isla, present\u00e1ndose especialmente encantadora en primavera. Las temperaturas suaves hacen de las caminatas por los senderos bien se\u00f1alizados un aut\u00e9ntico placer. Desde las cumbres de las monta\u00f1as, se abren vistas fant\u00e1sticas del paisaje circundante en flor y del mar Mediterr\u00e1neo azul profundo. Para los ciclistas entusiastas, hay fascinantes recorridos de exploraci\u00f3n a lo largo de las carreteras costeras o a trav\u00e9s del interior de la isla.<\/span><\/p>\n<p>&nbsp;<\/p>\n<p><span style=\"font-weight: 400;\">Las playas de Mallorca a\u00fan no est\u00e1n abarrotadas en primavera, lo que ofrece la oportunidad perfecta para disfrutar del sol y nadar en el refrescante mar Mediterr\u00e1neo. Playas como Cala Mesquida, Es Trenc y Cala Varques invitan a relajarse junto al mar. Para aquellos que aman el agua, las excursiones en barco por la costa ofrecen la oportunidad de descubrir calas apartadas. Deportes acu\u00e1ticos como la vela, el windsurf y el buceo se benefician de las condiciones ideales en primavera.<\/span><\/p>\n<p>&nbsp;<\/p>\n<p><span style=\"font-weight: 400;\">Pero la escena cultural tambi\u00e9n cobra vida. Numerosos mercados locales, fiestas tradicionales y conciertos ofrecen una visi\u00f3n de la vibrante cultura y la atm\u00f3sfera amigable de la isla. Los descubrimientos culinarios tambi\u00e9n forman parte del programa. Los restaurantes abren sus terrazas en primavera, y las frescas especialidades de primavera como mariscos, verduras de temporada y delicias locales invitan a disfrutar de placeres culinarios al aire libre. Una copa del famoso vino mallorqu\u00edn completa la experiencia culinaria.<\/span><\/p>\n<p>&nbsp;<\/p>\n<h2><span style=\"font-weight: 400;\">Eventos en primavera<\/span><\/h2>\n<p><img loading=\"lazy\" decoding=\"async\" class=\"alignright wp-image-7627 size-full\" src=\"https:\/\/rossitzahantelmann.com\/wp-content\/uploads\/Event-auf-Mallorca-im-Fruehlling-2024.jpg\" alt=\"Evento en Mallorca en primavera de 2024\" width=\"972\" height=\"1296\" \/><\/p>\n<p><span style=\"font-weight: 400;\">Un evento notable en primavera es la fiesta de Sant Antoni en enero, que se celebra en muchas ciudades y pueblos. Este evento honra al santo patr\u00f3n de los animales e incluye procesiones tradicionales, hogueras, bailes y bendiciones de animales. El Carnaval en febrero transforma ciudades como Palma y Alc\u00fadia en coloridos escenarios con desfiles, fiestas de disfraces y divertidos desfiles callejeros, y la Semana Santa, en marzo y abril, es una importante celebraci\u00f3n religiosa con procesiones, eventos religiosos y festividades, especialmente en Palma y Pollen\u00e7a.<\/span><\/p>\n<p>&nbsp;<\/p>\n<p><span style=\"font-weight: 400;\">Adem\u00e1s, la floraci\u00f3n del almendro en primavera suele ir acompa\u00f1ada de fiestas locales, como la \u201eFira de la Flor de l\u2019Ametler\u201c en Valldemossa, donde se puede disfrutar de m\u00fasica, bailes y especialidades regionales. Los amantes del vino no deben perderse la \u201eFeria del Vino\u201c en Binissalem en abril, con degustaciones de vino, bailes tradicionales y actuaciones musicales. La \u201eFira del Ram\u201c en Palma, de marzo a mayo, es una feria colorida con atracciones, puestos de comida y entretenimiento para toda la familia. Por \u00faltimo, cabe mencionar el Festival Internacional de M\u00fasica Cl\u00e1sica de Palma de Mallorca, que atrae a los amantes de la m\u00fasica en primavera con actuaciones de artistas de renombre en lugares hist\u00f3ricos.<\/span><\/p>\n<p>&nbsp;<\/p>\n<p><span style=\"font-weight: 400;\">Es recomendable consultar sitios de turismo locales, calendarios de eventos o sitios web oficiales del municipio para obtener informaci\u00f3n precisa y actualizada sobre los eventos en Mallorca durante la primavera. Estas fuentes ofrecen informaci\u00f3n detallada sobre los pr\u00f3ximos acontecimientos y festivales en la isla.<\/span><\/p>\n<p>&nbsp;<\/p>\n<p><span style=\"font-weight: 400;\">En general, la primavera transforma Mallorca en un verdadero para\u00edso. La naturaleza en flor, el clima agradable y las diversas oportunidades de ocio hacen de la isla un destino y lugar de estancia codiciado en esta \u00e9poca del a\u00f1o. Quien quiera experimentar el Mallorca aut\u00e9ntico deber\u00eda elegir la primavera para vivir la isla en todo su esplendor.<\/span><\/p>","protected":false},"featured_media":10578,"template":"","meta":{"_acf_changed":false},"categories":[216,217],"class_list":["post-10577","magazin","type-magazin","status-publish","has-post-thumbnail","hentry","category-leben-lifestyle","category-regionen-highlights"],"acf":[],"yoast_head":"<!-- This site is optimized with the Yoast SEO plugin v27.5 - https:\/\/yoast.com\/product\/yoast-seo-wordpress\/ -->\n<title>Fr\u00fchling auf Mallorca - Rossitza Hantelmann<\/title>\n<meta name=\"description\" content=\"Mallorca, die Perle des Mittelmeers, erwacht im Fr\u00fchling zu neuem Leben und zeigt in dieser Jahreszeit eine andere, zauberhafte Seite. Mehr dar\u00fcber lesen!\" \/>\n<meta name=\"robots\" content=\"index, follow, max-snippet:-1, max-image-preview:large, max-video-preview:-1\" \/>\n<link rel=\"canonical\" href=\"https:\/\/rossitzahantelmann.com\/es\/revista\/mallorca-en-primavera\/\" \/>\n<meta property=\"og:locale\" content=\"es_ES\" \/>\n<meta property=\"og:type\" content=\"article\" \/>\n<meta property=\"og:title\" content=\"Fr\u00fchling auf Mallorca - Rossitza Hantelmann\" \/>\n<meta property=\"og:description\" content=\"Mallorca, die Perle des Mittelmeers, erwacht im Fr\u00fchling zu neuem Leben und zeigt in dieser Jahreszeit eine andere, zauberhafte Seite. Mehr dar\u00fcber lesen!\" \/>\n<meta property=\"og:url\" content=\"https:\/\/rossitzahantelmann.com\/es\/revista\/mallorca-en-primavera\/\" \/>\n<meta property=\"og:site_name\" content=\"Rossitza Hantelmann\" \/>\n<meta property=\"article:modified_time\" content=\"2026-02-11T13:11:12+00:00\" \/>\n<meta property=\"og:image\" content=\"https:\/\/rossitzahantelmann.com\/wp-content\/uploads\/Fruehling-mallorca-Bild-Vogel-auf-einem-Zweig-scaled-1.jpg\" \/>\n\t<meta property=\"og:image:width\" content=\"2300\" \/>\n\t<meta property=\"og:image:height\" content=\"1534\" \/>\n\t<meta property=\"og:image:type\" content=\"image\/jpeg\" \/>\n<meta name=\"twitter:card\" content=\"summary_large_image\" \/>\n<meta name=\"twitter:label1\" content=\"Tiempo de lectura\" \/>\n\t<meta name=\"twitter:data1\" content=\"7 minutos\" \/>\n<script type=\"application\/ld+json\" class=\"yoast-schema-graph\">{\"@context\":\"https:\\\/\\\/schema.org\",\"@graph\":[{\"@type\":\"WebPage\",\"@id\":\"https:\\\/\\\/rossitzahantelmann.com\\\/magazin\\\/fruehling-mallorca\\\/\",\"url\":\"https:\\\/\\\/rossitzahantelmann.com\\\/magazin\\\/fruehling-mallorca\\\/\",\"name\":\"Fr\u00fchling auf Mallorca - Rossitza Hantelmann\",\"isPartOf\":{\"@id\":\"https:\\\/\\\/rossitzahantelmann.com\\\/#website\"},\"primaryImageOfPage\":{\"@id\":\"https:\\\/\\\/rossitzahantelmann.com\\\/magazin\\\/fruehling-mallorca\\\/#primaryimage\"},\"image\":{\"@id\":\"https:\\\/\\\/rossitzahantelmann.com\\\/magazin\\\/fruehling-mallorca\\\/#primaryimage\"},\"thumbnailUrl\":\"https:\\\/\\\/rossitzahantelmann.com\\\/wp-content\\\/uploads\\\/Fruehling-mallorca-Bild-Vogel-auf-einem-Zweig-scaled-1.jpg\",\"datePublished\":\"2025-04-02T02:19:06+00:00\",\"dateModified\":\"2026-02-11T13:11:12+00:00\",\"description\":\"Mallorca, die Perle des Mittelmeers, erwacht im Fr\u00fchling zu neuem Leben und zeigt in dieser Jahreszeit eine andere, zauberhafte Seite. Mehr dar\u00fcber lesen!\",\"breadcrumb\":{\"@id\":\"https:\\\/\\\/rossitzahantelmann.com\\\/magazin\\\/fruehling-mallorca\\\/#breadcrumb\"},\"inLanguage\":\"es\",\"potentialAction\":[{\"@type\":\"ReadAction\",\"target\":[\"https:\\\/\\\/rossitzahantelmann.com\\\/magazin\\\/fruehling-mallorca\\\/\"]}]},{\"@type\":\"ImageObject\",\"inLanguage\":\"es\",\"@id\":\"https:\\\/\\\/rossitzahantelmann.com\\\/magazin\\\/fruehling-mallorca\\\/#primaryimage\",\"url\":\"https:\\\/\\\/rossitzahantelmann.com\\\/wp-content\\\/uploads\\\/Fruehling-mallorca-Bild-Vogel-auf-einem-Zweig-scaled-1.jpg\",\"contentUrl\":\"https:\\\/\\\/rossitzahantelmann.com\\\/wp-content\\\/uploads\\\/Fruehling-mallorca-Bild-Vogel-auf-einem-Zweig-scaled-1.jpg\",\"width\":2300,\"height\":1534,\"caption\":\"Fru\u0308hling mallorca Bild Vogel auf einem Zweig\"},{\"@type\":\"BreadcrumbList\",\"@id\":\"https:\\\/\\\/rossitzahantelmann.com\\\/magazin\\\/fruehling-mallorca\\\/#breadcrumb\",\"itemListElement\":[{\"@type\":\"ListItem\",\"position\":1,\"name\":\"START\",\"item\":\"https:\\\/\\\/rossitzahantelmann.com\\\/\"},{\"@type\":\"ListItem\",\"position\":2,\"name\":\"Leben &amp; Lifestyle\",\"item\":\"https:\\\/\\\/rossitzahantelmann.com\\\/category\\\/leben-lifestyle\\\/\"},{\"@type\":\"ListItem\",\"position\":3,\"name\":\"Regionen &amp; Highlights\",\"item\":\"https:\\\/\\\/rossitzahantelmann.com\\\/category\\\/leben-lifestyle\\\/regionen-highlights\\\/\"},{\"@type\":\"ListItem\",\"position\":4,\"name\":\"Fr\u00fchling auf Mallorca\"}]},{\"@type\":\"WebSite\",\"@id\":\"https:\\\/\\\/rossitzahantelmann.com\\\/#website\",\"url\":\"https:\\\/\\\/rossitzahantelmann.com\\\/\",\"name\":\"Rossitza Hantelmann\",\"description\":\"Real Estate\",\"publisher\":{\"@id\":\"https:\\\/\\\/rossitzahantelmann.com\\\/#organization\"},\"potentialAction\":[{\"@type\":\"SearchAction\",\"target\":{\"@type\":\"EntryPoint\",\"urlTemplate\":\"https:\\\/\\\/rossitzahantelmann.com\\\/?s={search_term_string}\"},\"query-input\":{\"@type\":\"PropertyValueSpecification\",\"valueRequired\":true,\"valueName\":\"search_term_string\"}}],\"inLanguage\":\"es\"},{\"@type\":\"Organization\",\"@id\":\"https:\\\/\\\/rossitzahantelmann.com\\\/#organization\",\"name\":\"Rossitza Hantelmann\",\"url\":\"https:\\\/\\\/rossitzahantelmann.com\\\/\",\"logo\":{\"@type\":\"ImageObject\",\"inLanguage\":\"es\",\"@id\":\"https:\\\/\\\/rossitzahantelmann.com\\\/#\\\/schema\\\/logo\\\/image\\\/\",\"url\":\"\",\"contentUrl\":\"\",\"caption\":\"Rossitza Hantelmann\"},\"image\":{\"@id\":\"https:\\\/\\\/rossitzahantelmann.com\\\/#\\\/schema\\\/logo\\\/image\\\/\"}}]}<\/script>\n<!-- \/ Yoast SEO plugin. -->","yoast_head_json":{"title":"Primavera en Mallorca - Rossitza Hantelmann","description":"Mallorca, la perla del Mediterr\u00e1neo, cobra vida en primavera y muestra una faceta diferente y encantadora en esta estaci\u00f3n. \u00a1Lee m\u00e1s al respecto!","robots":{"index":"index","follow":"follow","max-snippet":"max-snippet:-1","max-image-preview":"max-image-preview:large","max-video-preview":"max-video-preview:-1"},"canonical":"https:\/\/rossitzahantelmann.com\/es\/revista\/mallorca-en-primavera\/","og_locale":"es_ES","og_type":"article","og_title":"Fr\u00fchling auf Mallorca - Rossitza Hantelmann","og_description":"Mallorca, die Perle des Mittelmeers, erwacht im Fr\u00fchling zu neuem Leben und zeigt in dieser Jahreszeit eine andere, zauberhafte Seite. Mehr dar\u00fcber lesen!","og_url":"https:\/\/rossitzahantelmann.com\/es\/revista\/mallorca-en-primavera\/","og_site_name":"Rossitza Hantelmann","article_modified_time":"2026-02-11T13:11:12+00:00","og_image":[{"width":2300,"height":1534,"url":"https:\/\/rossitzahantelmann.com\/wp-content\/uploads\/Fruehling-mallorca-Bild-Vogel-auf-einem-Zweig-scaled-1.jpg","type":"image\/jpeg"}],"twitter_card":"summary_large_image","twitter_misc":{"Tiempo de lectura":"7 minutos"},"schema":{"@context":"https:\/\/schema.org","@graph":[{"@type":"WebPage","@id":"https:\/\/rossitzahantelmann.com\/magazin\/fruehling-mallorca\/","url":"https:\/\/rossitzahantelmann.com\/magazin\/fruehling-mallorca\/","name":"Primavera en Mallorca - Rossitza Hantelmann","isPartOf":{"@id":"https:\/\/rossitzahantelmann.com\/#website"},"primaryImageOfPage":{"@id":"https:\/\/rossitzahantelmann.com\/magazin\/fruehling-mallorca\/#primaryimage"},"image":{"@id":"https:\/\/rossitzahantelmann.com\/magazin\/fruehling-mallorca\/#primaryimage"},"thumbnailUrl":"https:\/\/rossitzahantelmann.com\/wp-content\/uploads\/Fruehling-mallorca-Bild-Vogel-auf-einem-Zweig-scaled-1.jpg","datePublished":"2025-04-02T02:19:06+00:00","dateModified":"2026-02-11T13:11:12+00:00","description":"Mallorca, la perla del Mediterr\u00e1neo, cobra vida en primavera y muestra una faceta diferente y encantadora en esta estaci\u00f3n. \u00a1Lee m\u00e1s al respecto!","breadcrumb":{"@id":"https:\/\/rossitzahantelmann.com\/magazin\/fruehling-mallorca\/#breadcrumb"},"inLanguage":"es","potentialAction":[{"@type":"ReadAction","target":["https:\/\/rossitzahantelmann.com\/magazin\/fruehling-mallorca\/"]}]},{"@type":"ImageObject","inLanguage":"es","@id":"https:\/\/rossitzahantelmann.com\/magazin\/fruehling-mallorca\/#primaryimage","url":"https:\/\/rossitzahantelmann.com\/wp-content\/uploads\/Fruehling-mallorca-Bild-Vogel-auf-einem-Zweig-scaled-1.jpg","contentUrl":"https:\/\/rossitzahantelmann.com\/wp-content\/uploads\/Fruehling-mallorca-Bild-Vogel-auf-einem-Zweig-scaled-1.jpg","width":2300,"height":1534,"caption":"Fru\u0308hling mallorca Bild Vogel auf einem Zweig"},{"@type":"BreadcrumbList","@id":"https:\/\/rossitzahantelmann.com\/magazin\/fruehling-mallorca\/#breadcrumb","itemListElement":[{"@type":"ListItem","position":1,"name":"START","item":"https:\/\/rossitzahantelmann.com\/"},{"@type":"ListItem","position":2,"name":"Leben &amp; Lifestyle","item":"https:\/\/rossitzahantelmann.com\/category\/leben-lifestyle\/"},{"@type":"ListItem","position":3,"name":"Regionen &amp; Highlights","item":"https:\/\/rossitzahantelmann.com\/category\/leben-lifestyle\/regionen-highlights\/"},{"@type":"ListItem","position":4,"name":"Fr\u00fchling auf Mallorca"}]},{"@type":"WebSite","@id":"https:\/\/rossitzahantelmann.com\/#website","url":"https:\/\/rossitzahantelmann.com\/","name":"Rossitza Hantelmann","description":"Bienes ra\u00edces","publisher":{"@id":"https:\/\/rossitzahantelmann.com\/#organization"},"potentialAction":[{"@type":"SearchAction","target":{"@type":"EntryPoint","urlTemplate":"https:\/\/rossitzahantelmann.com\/?s={search_term_string}"},"query-input":{"@type":"PropertyValueSpecification","valueRequired":true,"valueName":"search_term_string"}}],"inLanguage":"es"},{"@type":"Organization","@id":"https:\/\/rossitzahantelmann.com\/#organization","name":"Rossitza Hantelmann","url":"https:\/\/rossitzahantelmann.com\/","logo":{"@type":"ImageObject","inLanguage":"es","@id":"https:\/\/rossitzahantelmann.com\/#\/schema\/logo\/image\/","url":"","contentUrl":"","caption":"Rossitza Hantelmann"},"image":{"@id":"https:\/\/rossitzahantelmann.com\/#\/schema\/logo\/image\/"}}]}},"_links":{"self":[{"href":"https:\/\/rossitzahantelmann.com\/es\/wp-json\/wp\/v2\/magazinartikel\/10577","targetHints":{"allow":["GET"]}}],"collection":[{"href":"https:\/\/rossitzahantelmann.com\/es\/wp-json\/wp\/v2\/magazinartikel"}],"about":[{"href":"https:\/\/rossitzahantelmann.com\/es\/wp-json\/wp\/v2\/types\/magazin"}],"wp:featuredmedia":[{"embeddable":true,"href":"https:\/\/rossitzahantelmann.com\/es\/wp-json\/wp\/v2\/media\/10578"}],"wp:attachment":[{"href":"https:\/\/rossitzahantelmann.com\/es\/wp-json\/wp\/v2\/media?parent=10577"}],"wp:term":[{"taxonomy":"category","embeddable":true,"href":"https:\/\/rossitzahantelmann.com\/es\/wp-json\/wp\/v2\/categories?post=10577"}],"curies":[{"name":"wp","href":"https:\/\/api.w.org\/{rel}","templated":true}]}}